{"id":3127,"date":"2025-08-28T20:26:59","date_gmt":"2025-08-28T23:26:59","guid":{"rendered":"https:\/\/mostracineconquista.com.br\/site\/?post_type=filmes&#038;p=3127"},"modified":"2025-09-02T00:13:17","modified_gmt":"2025-09-02T03:13:17","slug":"o-silencio-das-palmas","status":"publish","type":"filmes","link":"https:\/\/mostracineconquista.com.br\/site\/filmes\/o-silencio-das-palmas\/","title":{"rendered":"O SIL\u00caNCIO DAS PALMAS"},"template":"","_condicao":[223],"_local-de-exibicao":[217],"ordem":[232],"mes-t4":[],"data-do-filme-t4":[],"data-do-filme-t3":[],"mes-t3":[],"acessibilidade":[],"mes-t2":[],"data-do-filme-t2":[],"horario-da-sessao":[178],"bloco-de-exibicao":[180],"formato-do-filme":[95],"data-do-filme":[187],"mes":[],"class_list":["post-3127","filmes","type-filmes","status-publish","hentry","_condicao-ligado","_local-de-exibicao-praca-ceus-centro-de-artes-e-esportes-unificados-j-murilo","ordem-232","horario-da-sessao-19h30","bloco-de-exibicao-mostra-2025","formato-do-filme-longa-metragem","data-do-filme-12-de-setembro"],"yoast_head":"<!-- This site is optimized with the Yoast SEO plugin v25.8 - https:\/\/yoast.com\/wordpress\/plugins\/seo\/ -->\n<title>O SIL\u00caNCIO DAS PALMAS - Mostra Cine Conquista<\/title>\n<meta name=\"description\" content=\"Uma fam\u00edlia circense luta pela sobreviv\u00eancia. Sem p\u00fablico, sem risos, eles se mobilizam para estrear seu espet\u00e1culo ap\u00f3s um ano sem subir ao picadeiro, enquanto lidam com as exig\u00eancias de seguirem um padr\u00e3o.\" \/>\n<meta name=\"robots\" content=\"index, follow, max-snippet:-1, max-image-preview:large, max-video-preview:-1\" \/>\n<link rel=\"canonical\" href=\"https:\/\/mostracineconquista.com.br\/site\/filmes\/o-silencio-das-palmas\/\" \/>\n<meta property=\"og:locale\" content=\"pt_BR\" \/>\n<meta property=\"og:type\" content=\"article\" \/>\n<meta property=\"og:title\" content=\"O SIL\u00caNCIO DAS PALMAS - Mostra Cine Conquista\" \/>\n<meta property=\"og:description\" content=\"Uma fam\u00edlia circense luta pela sobreviv\u00eancia. Sem p\u00fablico, sem risos, eles se mobilizam para estrear seu espet\u00e1culo ap\u00f3s um ano sem subir ao picadeiro, enquanto lidam com as exig\u00eancias de seguirem um padr\u00e3o.\" \/>\n<meta property=\"og:url\" content=\"https:\/\/mostracineconquista.com.br\/site\/filmes\/o-silencio-das-palmas\/\" \/>\n<meta property=\"og:site_name\" content=\"Mostra Cine Conquista\" \/>\n<meta property=\"article:modified_time\" content=\"2025-09-02T03:13:17+00:00\" \/>\n<meta name=\"twitter:card\" content=\"summary_large_image\" \/>\n<script type=\"application\/ld+json\" class=\"yoast-schema-graph\">{\"@context\":\"https:\/\/schema.org\",\"@graph\":[{\"@type\":\"WebPage\",\"@id\":\"https:\/\/mostracineconquista.com.br\/site\/filmes\/o-silencio-das-palmas\/\",\"url\":\"https:\/\/mostracineconquista.com.br\/site\/filmes\/o-silencio-das-palmas\/\",\"name\":\"O SIL\u00caNCIO DAS PALMAS - Mostra Cine Conquista\",\"isPartOf\":{\"@id\":\"https:\/\/mostracineconquista.com.br\/site\/#website\"},\"datePublished\":\"2025-08-28T23:26:59+00:00\",\"dateModified\":\"2025-09-02T03:13:17+00:00\",\"description\":\"Uma fam\u00edlia circense luta pela sobreviv\u00eancia. Sem p\u00fablico, sem risos, eles se mobilizam para estrear seu espet\u00e1culo ap\u00f3s um ano sem subir ao picadeiro, enquanto lidam com as exig\u00eancias de seguirem um padr\u00e3o.\",\"breadcrumb\":{\"@id\":\"https:\/\/mostracineconquista.com.br\/site\/filmes\/o-silencio-das-palmas\/#breadcrumb\"},\"inLanguage\":\"pt-BR\",\"potentialAction\":[{\"@type\":\"ReadAction\",\"target\":[\"https:\/\/mostracineconquista.com.br\/site\/filmes\/o-silencio-das-palmas\/\"]}]},{\"@type\":\"BreadcrumbList\",\"@id\":\"https:\/\/mostracineconquista.com.br\/site\/filmes\/o-silencio-das-palmas\/#breadcrumb\",\"itemListElement\":[{\"@type\":\"ListItem\",\"position\":1,\"name\":\"In\u00edcio\",\"item\":\"https:\/\/mostracineconquista.com.br\/site\/\"},{\"@type\":\"ListItem\",\"position\":2,\"name\":\"Filmes\",\"item\":\"https:\/\/mostracineconquista.com.br\/site\/filmes\/\"},{\"@type\":\"ListItem\",\"position\":3,\"name\":\"O SIL\u00caNCIO DAS PALMAS\"}]},{\"@type\":\"WebSite\",\"@id\":\"https:\/\/mostracineconquista.com.br\/site\/#website\",\"url\":\"https:\/\/mostracineconquista.com.br\/site\/\",\"name\":\"Mostra Cine Conquista\",\"description\":\"Mostra de Cinema - Um olhar para o novo cinema - Ano 16\",\"publisher\":{\"@id\":\"https:\/\/mostracineconquista.com.br\/site\/#organization\"},\"potentialAction\":[{\"@type\":\"SearchAction\",\"target\":{\"@type\":\"EntryPoint\",\"urlTemplate\":\"https:\/\/mostracineconquista.com.br\/site\/?s={search_term_string}\"},\"query-input\":{\"@type\":\"PropertyValueSpecification\",\"valueRequired\":true,\"valueName\":\"search_term_string\"}}],\"inLanguage\":\"pt-BR\"},{\"@type\":\"Organization\",\"@id\":\"https:\/\/mostracineconquista.com.br\/site\/#organization\",\"name\":\"Mostra Cine Conquista\",\"url\":\"https:\/\/mostracineconquista.com.br\/site\/\",\"logo\":{\"@type\":\"ImageObject\",\"inLanguage\":\"pt-BR\",\"@id\":\"https:\/\/mostracineconquista.com.br\/site\/#\/schema\/logo\/image\/\",\"url\":\"https:\/\/mostracineconquista.com.br\/site\/wp-content\/uploads\/2024\/06\/header-site-atualizado-setembro.jpg\",\"contentUrl\":\"https:\/\/mostracineconquista.com.br\/site\/wp-content\/uploads\/2024\/06\/header-site-atualizado-setembro.jpg\",\"width\":1920,\"height\":1080,\"caption\":\"Mostra Cine Conquista\"},\"image\":{\"@id\":\"https:\/\/mostracineconquista.com.br\/site\/#\/schema\/logo\/image\/\"},\"sameAs\":[\"https:\/\/www.instagram.com\/mostracinemaconquista\/\"]}]}<\/script>\n<!-- \/ Yoast SEO plugin. -->","yoast_head_json":{"title":"O SIL\u00caNCIO DAS PALMAS - Mostra Cine Conquista","description":"Uma fam\u00edlia circense luta pela sobreviv\u00eancia. Sem p\u00fablico, sem risos, eles se mobilizam para estrear seu espet\u00e1culo ap\u00f3s um ano sem subir ao picadeiro, enquanto lidam com as exig\u00eancias de seguirem um padr\u00e3o.","robots":{"index":"index","follow":"follow","max-snippet":"max-snippet:-1","max-image-preview":"max-image-preview:large","max-video-preview":"max-video-preview:-1"},"canonical":"https:\/\/mostracineconquista.com.br\/site\/filmes\/o-silencio-das-palmas\/","og_locale":"pt_BR","og_type":"article","og_title":"O SIL\u00caNCIO DAS PALMAS - Mostra Cine Conquista","og_description":"Uma fam\u00edlia circense luta pela sobreviv\u00eancia. Sem p\u00fablico, sem risos, eles se mobilizam para estrear seu espet\u00e1culo ap\u00f3s um ano sem subir ao picadeiro, enquanto lidam com as exig\u00eancias de seguirem um padr\u00e3o.","og_url":"https:\/\/mostracineconquista.com.br\/site\/filmes\/o-silencio-das-palmas\/","og_site_name":"Mostra Cine Conquista","article_modified_time":"2025-09-02T03:13:17+00:00","twitter_card":"summary_large_image","schema":{"@context":"https:\/\/schema.org","@graph":[{"@type":"WebPage","@id":"https:\/\/mostracineconquista.com.br\/site\/filmes\/o-silencio-das-palmas\/","url":"https:\/\/mostracineconquista.com.br\/site\/filmes\/o-silencio-das-palmas\/","name":"O SIL\u00caNCIO DAS PALMAS - Mostra Cine Conquista","isPartOf":{"@id":"https:\/\/mostracineconquista.com.br\/site\/#website"},"datePublished":"2025-08-28T23:26:59+00:00","dateModified":"2025-09-02T03:13:17+00:00","description":"Uma fam\u00edlia circense luta pela sobreviv\u00eancia. Sem p\u00fablico, sem risos, eles se mobilizam para estrear seu espet\u00e1culo ap\u00f3s um ano sem subir ao picadeiro, enquanto lidam com as exig\u00eancias de seguirem um padr\u00e3o.","breadcrumb":{"@id":"https:\/\/mostracineconquista.com.br\/site\/filmes\/o-silencio-das-palmas\/#breadcrumb"},"inLanguage":"pt-BR","potentialAction":[{"@type":"ReadAction","target":["https:\/\/mostracineconquista.com.br\/site\/filmes\/o-silencio-das-palmas\/"]}]},{"@type":"BreadcrumbList","@id":"https:\/\/mostracineconquista.com.br\/site\/filmes\/o-silencio-das-palmas\/#breadcrumb","itemListElement":[{"@type":"ListItem","position":1,"name":"In\u00edcio","item":"https:\/\/mostracineconquista.com.br\/site\/"},{"@type":"ListItem","position":2,"name":"Filmes","item":"https:\/\/mostracineconquista.com.br\/site\/filmes\/"},{"@type":"ListItem","position":3,"name":"O SIL\u00caNCIO DAS PALMAS"}]},{"@type":"WebSite","@id":"https:\/\/mostracineconquista.com.br\/site\/#website","url":"https:\/\/mostracineconquista.com.br\/site\/","name":"Mostra Cine Conquista","description":"Mostra de Cinema - Um olhar para o novo cinema - Ano 16","publisher":{"@id":"https:\/\/mostracineconquista.com.br\/site\/#organization"},"potentialAction":[{"@type":"SearchAction","target":{"@type":"EntryPoint","urlTemplate":"https:\/\/mostracineconquista.com.br\/site\/?s={search_term_string}"},"query-input":{"@type":"PropertyValueSpecification","valueRequired":true,"valueName":"search_term_string"}}],"inLanguage":"pt-BR"},{"@type":"Organization","@id":"https:\/\/mostracineconquista.com.br\/site\/#organization","name":"Mostra Cine Conquista","url":"https:\/\/mostracineconquista.com.br\/site\/","logo":{"@type":"ImageObject","inLanguage":"pt-BR","@id":"https:\/\/mostracineconquista.com.br\/site\/#\/schema\/logo\/image\/","url":"https:\/\/mostracineconquista.com.br\/site\/wp-content\/uploads\/2024\/06\/header-site-atualizado-setembro.jpg","contentUrl":"https:\/\/mostracineconquista.com.br\/site\/wp-content\/uploads\/2024\/06\/header-site-atualizado-setembro.jpg","width":1920,"height":1080,"caption":"Mostra Cine Conquista"},"image":{"@id":"https:\/\/mostracineconquista.com.br\/site\/#\/schema\/logo\/image\/"},"sameAs":["https:\/\/www.instagram.com\/mostracinemaconquista\/"]}]}},"_links":{"self":[{"href":"https:\/\/mostracineconquista.com.br\/site\/wp-json\/wp\/v2\/filmes\/3127","targetHints":{"allow":["GET"]}}],"collection":[{"href":"https:\/\/mostracineconquista.com.br\/site\/wp-json\/wp\/v2\/filmes"}],"about":[{"href":"https:\/\/mostracineconquista.com.br\/site\/wp-json\/wp\/v2\/types\/filmes"}],"version-history":[{"count":2,"href":"https:\/\/mostracineconquista.com.br\/site\/wp-json\/wp\/v2\/filmes\/3127\/revisions"}],"predecessor-version":[{"id":3267,"href":"https:\/\/mostracineconquista.com.br\/site\/wp-json\/wp\/v2\/filmes\/3127\/revisions\/3267"}],"wp:attachment":[{"href":"https:\/\/mostracineconquista.com.br\/site\/wp-json\/wp\/v2\/media?parent=3127"}],"wp:term":[{"taxonomy":"_condicao","embeddable":true,"href":"https:\/\/mostracineconquista.com.br\/site\/wp-json\/wp\/v2\/_condicao?post=3127"},{"taxonomy":"_local-de-exibicao","embeddable":true,"href":"https:\/\/mostracineconquista.com.br\/site\/wp-json\/wp\/v2\/_local-de-exibicao?post=3127"},{"taxonomy":"ordem","embeddable":true,"href":"https:\/\/mostracineconquista.com.br\/site\/wp-json\/wp\/v2\/ordem?post=3127"},{"taxonomy":"mes-t4","embeddable":true,"href":"https:\/\/mostracineconquista.com.br\/site\/wp-json\/wp\/v2\/mes-t4?post=3127"},{"taxonomy":"data-do-filme-t4","embeddable":true,"href":"https:\/\/mostracineconquista.com.br\/site\/wp-json\/wp\/v2\/data-do-filme-t4?post=3127"},{"taxonomy":"data-do-filme-t3","embeddable":true,"href":"https:\/\/mostracineconquista.com.br\/site\/wp-json\/wp\/v2\/data-do-filme-t3?post=3127"},{"taxonomy":"mes-t3","embeddable":true,"href":"https:\/\/mostracineconquista.com.br\/site\/wp-json\/wp\/v2\/mes-t3?post=3127"},{"taxonomy":"acessibilidade","embeddable":true,"href":"https:\/\/mostracineconquista.com.br\/site\/wp-json\/wp\/v2\/acessibilidade?post=3127"},{"taxonomy":"mes-t2","embeddable":true,"href":"https:\/\/mostracineconquista.com.br\/site\/wp-json\/wp\/v2\/mes-t2?post=3127"},{"taxonomy":"data-do-filme-t2","embeddable":true,"href":"https:\/\/mostracineconquista.com.br\/site\/wp-json\/wp\/v2\/data-do-filme-t2?post=3127"},{"taxonomy":"horario-da-sessao","embeddable":true,"href":"https:\/\/mostracineconquista.com.br\/site\/wp-json\/wp\/v2\/horario-da-sessao?post=3127"},{"taxonomy":"bloco-de-exibicao","embeddable":true,"href":"https:\/\/mostracineconquista.com.br\/site\/wp-json\/wp\/v2\/bloco-de-exibicao?post=3127"},{"taxonomy":"formato-do-filme","embeddable":true,"href":"https:\/\/mostracineconquista.com.br\/site\/wp-json\/wp\/v2\/formato-do-filme?post=3127"},{"taxonomy":"data-do-filme","embeddable":true,"href":"https:\/\/mostracineconquista.com.br\/site\/wp-json\/wp\/v2\/data-do-filme?post=3127"},{"taxonomy":"mes","embeddable":true,"href":"https:\/\/mostracineconquista.com.br\/site\/wp-json\/wp\/v2\/mes?post=3127"}],"curies":[{"name":"wp","href":"https:\/\/api.w.org\/{rel}","templated":true}]}}